{"id":2502,"date":"2024-06-14T10:23:39","date_gmt":"2024-06-14T10:23:39","guid":{"rendered":"https:\/\/www.aireacondicionado21.com\/?page_id=2502"},"modified":"2024-06-15T17:28:44","modified_gmt":"2024-06-15T17:28:44","slug":"instalaciones-para-industria-y-comercio","status":"publish","type":"page","link":"https:\/\/www.aireacondicionado21.com\/index.php\/instalaciones-para-industria-y-comercio\/","title":{"rendered":"Instalaciones para industria y Comercio"},"content":{"rendered":"<p><div class=\"fusion-fullwidth fullwidth-box fusion-builder-row-1 fusion-flex-container has-pattern-background has-mask-background fusion-parallax-none nonhundred-percent-fullwidth non-hundred-percent-height-scrolling lazyload\" style=\"--awb-border-radius-top-left:0px;--awb-border-radius-top-right:0px;--awb-border-radius-bottom-right:0px;--awb-border-radius-bottom-left:0px;--awb-padding-top:45px;--awb-background-color:var(--awb-color2);--awb-background-size:cover;--awb-flex-wrap:wrap;\" data-bg=\"https:\/\/avada.theme-fusion.com\/electrician\/wp-content\/uploads\/sites\/101\/2018\/02\/bg1.jpg\" ><div class=\"awb-background-slider\" data-type=\"container\" data-loop=\"yes\" data-animation=\"fade\" data-slideshow-speed=\"5000\" data-animation-speed=\"800\" data-direction=\"up\" style=\"--awb-image-position:50% 50%;\"><div class=\"swiper-wrapper\"><div class=\"swiper-slide\"><img decoding=\"async\" width=\"1400\" height=\"310\" src=\"https:\/\/www.aireacondicionado21.com\/wp-content\/uploads\/2024\/06\/aire_acondiconado_comercial.webp\" class=\"awb-background-slider__image lazyload\" alt=\"Aire acondicioando comercial\" srcset=\"data:image\/svg+xml,%3Csvg%20xmlns%3D%27http%3A%2F%2Fwww.w3.org%2F2000%2Fsvg%27%20width%3D%271400%27%20height%3D%27310%27%20viewBox%3D%270%200%201400%20310%27%3E%3Crect%20width%3D%271400%27%20height%3D%27310%27%20fill-opacity%3D%220%22%2F%3E%3C%2Fsvg%3E\" data-orig-src=\"https:\/\/www.aireacondicionado21.com\/wp-content\/uploads\/2024\/06\/aire_acondiconado_comercial.webp\" data-srcset=\"https:\/\/www.aireacondicionado21.com\/wp-content\/uploads\/2024\/06\/aire_acondiconado_comercial-200x44.webp 200w, https:\/\/www.aireacondicionado21.com\/wp-content\/uploads\/2024\/06\/aire_acondiconado_comercial-300x66.webp 300w, https:\/\/www.aireacondicionado21.com\/wp-content\/uploads\/2024\/06\/aire_acondiconado_comercial-400x89.webp 400w, https:\/\/www.aireacondicionado21.com\/wp-content\/uploads\/2024\/06\/aire_acondiconado_comercial-600x133.webp 600w, https:\/\/www.aireacondicionado21.com\/wp-content\/uploads\/2024\/06\/aire_acondiconado_comercial-768x170.webp 768w, https:\/\/www.aireacondicionado21.com\/wp-content\/uploads\/2024\/06\/aire_acondiconado_comercial-800x177.webp 800w, https:\/\/www.aireacondicionado21.com\/wp-content\/uploads\/2024\/06\/aire_acondiconado_comercial-1024x227.webp 1024w, https:\/\/www.aireacondicionado21.com\/wp-content\/uploads\/2024\/06\/aire_acondiconado_comercial-1200x266.webp 1200w, https:\/\/www.aireacondicionado21.com\/wp-content\/uploads\/2024\/06\/aire_acondiconado_comercial.webp 1400w\" data-sizes=\"auto\" \/><\/div><\/div><\/div><div class=\"fusion-builder-row fusion-row fusion-flex-align-items-flex-start fusion-flex-justify-content-center fusion-flex-content-wrap\" style=\"max-width:calc( 1180px + 0px );margin-left: calc(-0px \/ 2 );margin-right: calc(-0px \/ 2 );\"><div class=\"fusion-layout-column fusion_builder_column fusion-builder-column-0 fusion_builder_column_1_1 1_1 fusion-flex-column fusion-animated\" style=\"--awb-bg-blend:overlay;--awb-bg-size:cover;--awb-width-large:100%;--awb-margin-top-large:85px;--awb-spacing-right-large:0px;--awb-margin-bottom-large:60px;--awb-spacing-left-large:0px;--awb-width-medium:100%;--awb-spacing-right-medium:0px;--awb-spacing-left-medium:0px;--awb-width-small:100%;--awb-spacing-right-small:0px;--awb-spacing-left-small:0px;\" data-animationType=\"zoomIn\" data-animationDuration=\"0.9\" data-animationOffset=\"top-into-view\"><div class=\"fusion-column-wrapper fusion-flex-justify-content-flex-start fusion-content-layout-column\"><div class=\"fusion-title title fusion-title-1 fusion-sep-none fusion-title-center fusion-title-text fusion-title-size-one\"><h1 class=\"fusion-title-heading title-heading-center fusion-responsive-typography-calculated\" style=\"margin:0;--fontSize:68;line-height:var(--awb-typography1-line-height);\"><p><span style=\"color: var(--awb-color7);\">Instalaciones aire acondicionado<br \/>\n<\/span><\/p><\/h1><\/div><div class=\"fusion-separator\" style=\"align-self: center;margin-left: auto;margin-right: auto;margin-top:16px;margin-bottom:36px;width:100%;max-width:24%;\"><div class=\"fusion-separator-border sep-single\" style=\"--awb-height:20px;--awb-amount:20px;border-color:var(--awb-color6);border-top-width:2px;\"><\/div><\/div><div class=\"fusion-text fusion-text-1\"><p style=\"text-align: justify;\"><span style=\"color: var(--awb-color6);\">En Aire Acondicionado 21, nos especializamos en la instalaci\u00f3n de sistemas de aire acondicionado para una amplia variedad de entornos comerciales e industriales. Nuestro objetivo es proporcionar soluciones eficientes y confiables que aseguren un ambiente confortable y controlado, adaptado a las necesidades espec\u00edficas de cada cliente. Con un equipo de t\u00e9cnicos altamente capacitados y una s\u00f3lida experiencia en el sector, estamos preparados para manejar proyectos de cualquier escala y complejidad.<\/span><\/p>\n<\/div><\/div><\/div><div class=\"fusion-layout-column fusion_builder_column fusion-builder-column-1 fusion_builder_column_1_1 1_1 fusion-flex-column\" style=\"--awb-bg-blend:overlay;--awb-bg-size:cover;--awb-width-large:100%;--awb-margin-top-large:0px;--awb-spacing-right-large:0px;--awb-margin-bottom-large:0px;--awb-spacing-left-large:0px;--awb-width-medium:100%;--awb-spacing-right-medium:0px;--awb-spacing-left-medium:0px;--awb-width-small:100%;--awb-spacing-right-small:0px;--awb-spacing-left-small:0px;\"><div class=\"fusion-column-wrapper fusion-flex-justify-content-center fusion-content-layout-column\"><div class=\"fusion-section-separator section-separator big-half-circle fusion-section-separator-1\" style=\"--awb-spacer-height:99px;--awb-svg-margin-left:0px;--awb-svg-margin-right:0px;--awb-svg-margin-left-medium:0px;--awb-svg-margin-right-medium:0px;--awb-svg-margin-left-small:0px;--awb-svg-margin-right-small:0px;--awb-divider-height:99px;--awb-spacer-padding-top:inherit;--awb-sep-padding:0;--awb-svg-padding:0;\"><div class=\"fusion-section-separator-svg\"><svg class=\"fusion-big-half-circle-candy\" xmlns=\"http:\/\/www.w3.org\/2000\/svg\" version=\"1.1\" width=\"100%\" height=\"100\" viewBox=\"0 0 100 100\" preserveAspectRatio=\"none\" fill=\"rgba(51,54,69,1)\"><path d=\"M0 100 C40 0 60 0 100 100 Z\"><\/path><\/svg><\/div><div class=\"fusion-section-separator-spacer\"><div class=\"fusion-section-separator-spacer-height\"><\/div><\/div><\/div><\/div><\/div><\/div><\/div><div class=\"fusion-fullwidth fullwidth-box fusion-builder-row-2 fusion-flex-container has-pattern-background has-mask-background nonhundred-percent-fullwidth non-hundred-percent-height-scrolling\" style=\"--awb-border-radius-top-left:0px;--awb-border-radius-top-right:0px;--awb-border-radius-bottom-right:0px;--awb-border-radius-bottom-left:0px;--awb-padding-top:40px;--awb-padding-bottom:70px;--awb-background-color:var(--awb-color7);--awb-flex-wrap:wrap;\" ><div class=\"fusion-builder-row fusion-row fusion-flex-align-items-flex-start fusion-flex-content-wrap\" style=\"max-width:1227.2px;margin-left: calc(-4% \/ 2 );margin-right: calc(-4% \/ 2 );\"><div class=\"fusion-layout-column fusion_builder_column fusion-builder-column-2 fusion_builder_column_1_6 1_6 fusion-flex-column fusion-no-small-visibility\" style=\"--awb-bg-blend:overlay;--awb-bg-size:cover;--awb-width-large:16.666666666667%;--awb-margin-top-large:15px;--awb-spacing-right-large:11.52%;--awb-margin-bottom-large:15px;--awb-spacing-left-large:11.52%;--awb-width-medium:100%;--awb-spacing-right-medium:1.92%;--awb-spacing-left-medium:1.92%;--awb-width-small:100%;--awb-spacing-right-small:1.92%;--awb-spacing-left-small:1.92%;\"><div class=\"fusion-column-wrapper fusion-flex-justify-content-flex-start fusion-content-layout-column\"><\/div><\/div><div class=\"fusion-layout-column fusion_builder_column fusion-builder-column-3 fusion_builder_column_2_3 2_3 fusion-flex-column\" style=\"--awb-bg-blend:overlay;--awb-bg-size:cover;--awb-width-large:66.666666666667%;--awb-margin-top-large:80px;--awb-spacing-right-large:2.88%;--awb-margin-bottom-large:45px;--awb-spacing-left-large:2.88%;--awb-width-medium:100%;--awb-spacing-right-medium:1.92%;--awb-margin-bottom-medium:24px;--awb-spacing-left-medium:1.92%;--awb-width-small:100%;--awb-spacing-right-small:1.92%;--awb-spacing-left-small:1.92%;\"><div class=\"fusion-column-wrapper fusion-flex-justify-content-flex-start fusion-content-layout-column\"><div class=\"fusion-title title fusion-title-2 fusion-sep-none fusion-title-center fusion-title-text fusion-title-size-two\" style=\"--awb-text-color:var(--awb-color1);--awb-margin-top:0px;\"><h2 class=\"fusion-title-heading title-heading-center fusion-responsive-typography-calculated\" style=\"margin:0;--fontSize:44;line-height:var(--awb-typography1-line-height);\">Industria y comercio<\/h2><\/div><div class=\"fusion-separator\" style=\"align-self: center;margin-left: auto;margin-right: auto;margin-top:16px;margin-bottom:36px;width:100%;max-width:24%;\"><div class=\"fusion-separator-border sep-single\" style=\"--awb-height:20px;--awb-amount:20px;border-color:var(--awb-color6);border-top-width:2px;\"><\/div><\/div><div class=\"fusion-text fusion-text-2\" style=\"--awb-text-color:var(--awb-color1);\"><p style=\"text-align: justify;\">En Aire Acondicionado 21, entendemos la importancia de un ambiente controlado y confortable en su espacio comercial o industrial. Nos dedicamos a proporcionar soluciones de aire acondicionado que no solo cumplen con sus necesidades inmediatas, sino que tambi\u00e9n ofrecen eficiencia a largo plazo y sostenibilidad.<\/p>\n<\/div><\/div><\/div><div class=\"fusion-layout-column fusion_builder_column fusion-builder-column-4 fusion_builder_column_1_6 1_6 fusion-flex-column fusion-no-small-visibility\" style=\"--awb-bg-blend:overlay;--awb-bg-size:cover;--awb-width-large:16.666666666667%;--awb-margin-top-large:15px;--awb-spacing-right-large:11.52%;--awb-margin-bottom-large:15px;--awb-spacing-left-large:11.52%;--awb-width-medium:100%;--awb-spacing-right-medium:1.92%;--awb-spacing-left-medium:1.92%;--awb-width-small:100%;--awb-spacing-right-small:1.92%;--awb-spacing-left-small:1.92%;\"><div class=\"fusion-column-wrapper fusion-flex-justify-content-flex-start fusion-content-layout-column\"><\/div><\/div><div class=\"fusion-layout-column fusion_builder_column fusion-builder-column-5 fusion_builder_column_1_3 1_3 fusion-flex-column fusion-animated\" style=\"--awb-bg-blend:overlay;--awb-bg-size:cover;--awb-width-large:33.333333333333%;--awb-margin-top-large:45px;--awb-spacing-right-large:8.64%;--awb-margin-bottom-large:45px;--awb-spacing-left-large:5.76%;--awb-width-medium:100%;--awb-spacing-right-medium:1.92%;--awb-spacing-left-medium:1.92%;--awb-width-small:100%;--awb-spacing-right-small:1.92%;--awb-spacing-left-small:1.92%;\" data-animationType=\"slideInUp\" data-animationDuration=\"0.5\" data-animationOffset=\"top-into-view\"><div class=\"fusion-column-wrapper fusion-flex-justify-content-flex-start fusion-content-layout-column\"><div class=\"fusion-image-element \" style=\"--awb-caption-title-font-family:var(--h2_typography-font-family);--awb-caption-title-font-weight:var(--h2_typography-font-weight);--awb-caption-title-font-style:var(--h2_typography-font-style);--awb-caption-title-size:var(--h2_typography-font-size);--awb-caption-title-transform:var(--h2_typography-text-transform);--awb-caption-title-line-height:var(--h2_typography-line-height);--awb-caption-title-letter-spacing:var(--h2_typography-letter-spacing);\"><span class=\" fusion-imageframe imageframe-none imageframe-1 hover-type-none\"><img decoding=\"async\" width=\"500\" height=\"282\" alt=\"oficinas\" title=\"oficinas\" src=\"https:\/\/www.aireacondicionado21.com\/wp-content\/uploads\/2024\/06\/oficinas.webp\" data-orig-src=\"https:\/\/www.aireacondicionado21.com\/wp-content\/uploads\/2024\/06\/oficinas.webp\" class=\"lazyload img-responsive wp-image-2509\" srcset=\"data:image\/svg+xml,%3Csvg%20xmlns%3D%27http%3A%2F%2Fwww.w3.org%2F2000%2Fsvg%27%20width%3D%27500%27%20height%3D%27282%27%20viewBox%3D%270%200%20500%20282%27%3E%3Crect%20width%3D%27500%27%20height%3D%27282%27%20fill-opacity%3D%220%22%2F%3E%3C%2Fsvg%3E\" data-srcset=\"https:\/\/www.aireacondicionado21.com\/wp-content\/uploads\/2024\/06\/oficinas-200x113.webp 200w, https:\/\/www.aireacondicionado21.com\/wp-content\/uploads\/2024\/06\/oficinas-300x169.webp 300w, https:\/\/www.aireacondicionado21.com\/wp-content\/uploads\/2024\/06\/oficinas-400x226.webp 400w, https:\/\/www.aireacondicionado21.com\/wp-content\/uploads\/2024\/06\/oficinas.webp 500w\" data-sizes=\"auto\" data-orig-sizes=\"(max-width: 1000px) 100vw, (max-width: 640px) 100vw, 400px\" \/><\/span><\/div><div class=\"fusion-title title fusion-title-3 fusion-sep-none fusion-title-center fusion-title-text fusion-title-size-three\" style=\"--awb-text-color:var(--awb-color1);\"><h3 class=\"fusion-title-heading title-heading-center fusion-responsive-typography-calculated\" style=\"margin:0;--fontSize:26;line-height:var(--awb-typography1-line-height);\">Oficinas<\/h3><\/div><div class=\"fusion-text fusion-text-3\" style=\"--awb-text-color:var(--awb-color1);\"><p style=\"text-align: justify;\">Evaluamos sus espacios de oficina para dise\u00f1ar sistemas de aire acondicionado que aseguren un ambiente de trabajo confortable y productivo. Consideramos factores como la distribuci\u00f3n del espacio, la ocupaci\u00f3n y la eficiencia energ\u00e9tica.<\/p>\n<\/div><div class=\"fusion-separator fusion-full-width-sep\" style=\"align-self: center;margin-left: auto;margin-right: auto;margin-top:20px;width:100%;\"><\/div><\/div><\/div><div class=\"fusion-layout-column fusion_builder_column fusion-builder-column-6 fusion_builder_column_1_3 1_3 fusion-flex-column fusion-animated\" style=\"--awb-bg-blend:overlay;--awb-bg-size:cover;--awb-width-large:33.333333333333%;--awb-margin-top-large:45px;--awb-spacing-right-large:8.64%;--awb-margin-bottom-large:45px;--awb-spacing-left-large:8.64%;--awb-width-medium:100%;--awb-spacing-right-medium:1.92%;--awb-spacing-left-medium:1.92%;--awb-width-small:100%;--awb-spacing-right-small:1.92%;--awb-spacing-left-small:1.92%;\" data-animationType=\"slideInUp\" data-animationDuration=\"0.6\" data-animationOffset=\"top-into-view\"><div class=\"fusion-column-wrapper fusion-flex-justify-content-flex-start fusion-content-layout-column\"><div class=\"fusion-image-element \" style=\"--awb-caption-title-font-family:var(--h2_typography-font-family);--awb-caption-title-font-weight:var(--h2_typography-font-weight);--awb-caption-title-font-style:var(--h2_typography-font-style);--awb-caption-title-size:var(--h2_typography-font-size);--awb-caption-title-transform:var(--h2_typography-text-transform);--awb-caption-title-line-height:var(--h2_typography-line-height);--awb-caption-title-letter-spacing:var(--h2_typography-letter-spacing);\"><span class=\" fusion-imageframe imageframe-none imageframe-2 hover-type-none\"><img decoding=\"async\" width=\"500\" height=\"282\" alt=\"sala servidores\" title=\"sala_servidores\" src=\"https:\/\/www.aireacondicionado21.com\/wp-content\/uploads\/2024\/06\/sala_servidores.webp\" data-orig-src=\"https:\/\/www.aireacondicionado21.com\/wp-content\/uploads\/2024\/06\/sala_servidores.webp\" class=\"lazyload img-responsive wp-image-2530\" srcset=\"data:image\/svg+xml,%3Csvg%20xmlns%3D%27http%3A%2F%2Fwww.w3.org%2F2000%2Fsvg%27%20width%3D%27500%27%20height%3D%27282%27%20viewBox%3D%270%200%20500%20282%27%3E%3Crect%20width%3D%27500%27%20height%3D%27282%27%20fill-opacity%3D%220%22%2F%3E%3C%2Fsvg%3E\" data-srcset=\"https:\/\/www.aireacondicionado21.com\/wp-content\/uploads\/2024\/06\/sala_servidores-200x113.webp 200w, https:\/\/www.aireacondicionado21.com\/wp-content\/uploads\/2024\/06\/sala_servidores-300x169.webp 300w, https:\/\/www.aireacondicionado21.com\/wp-content\/uploads\/2024\/06\/sala_servidores-400x226.webp 400w, https:\/\/www.aireacondicionado21.com\/wp-content\/uploads\/2024\/06\/sala_servidores.webp 500w\" data-sizes=\"auto\" data-orig-sizes=\"(max-width: 1000px) 100vw, (max-width: 640px) 100vw, 400px\" \/><\/span><\/div><div class=\"fusion-title title fusion-title-4 fusion-sep-none fusion-title-center fusion-title-text fusion-title-size-three\" style=\"--awb-text-color:var(--awb-color1);\"><h3 class=\"fusion-title-heading title-heading-center fusion-responsive-typography-calculated\" style=\"margin:0;--fontSize:26;line-height:var(--awb-typography1-line-height);\">Sala de Servidores<\/h3><\/div><div class=\"fusion-text fusion-text-4\" style=\"--awb-text-color:var(--awb-color1);\"><p style=\"text-align: justify;\">Control de Temperatura Cr\u00edtico: Sabemos que las salas de servidores requieren un control de temperatura riguroso para proteger equipos sensibles. Instalamos sistemas de aire acondicionado especializados que mantienen condiciones \u00f3ptimas y constantes.<\/p>\n<\/div><div class=\"fusion-separator fusion-full-width-sep\" style=\"align-self: center;margin-left: auto;margin-right: auto;margin-top:20px;width:100%;\"><\/div><\/div><\/div><div class=\"fusion-layout-column fusion_builder_column fusion-builder-column-7 fusion_builder_column_1_3 1_3 fusion-flex-column fusion-animated\" style=\"--awb-bg-blend:overlay;--awb-bg-size:cover;--awb-width-large:33.333333333333%;--awb-margin-top-large:45px;--awb-spacing-right-large:5.76%;--awb-margin-bottom-large:45px;--awb-spacing-left-large:8.64%;--awb-width-medium:100%;--awb-order-medium:0;--awb-spacing-right-medium:1.92%;--awb-spacing-left-medium:1.92%;--awb-width-small:100%;--awb-order-small:0;--awb-spacing-right-small:1.92%;--awb-spacing-left-small:1.92%;\" data-animationType=\"slideInUp\" data-animationDuration=\"0.7\" data-animationOffset=\"top-into-view\" data-scroll-devices=\"small-visibility,medium-visibility,large-visibility\"><div class=\"fusion-column-wrapper fusion-column-has-shadow fusion-flex-justify-content-flex-start fusion-content-layout-column\"><div class=\"fusion-image-element \" style=\"--awb-caption-title-font-family:var(--h2_typography-font-family);--awb-caption-title-font-weight:var(--h2_typography-font-weight);--awb-caption-title-font-style:var(--h2_typography-font-style);--awb-caption-title-size:var(--h2_typography-font-size);--awb-caption-title-transform:var(--h2_typography-text-transform);--awb-caption-title-line-height:var(--h2_typography-line-height);--awb-caption-title-letter-spacing:var(--h2_typography-letter-spacing);\"><span class=\" fusion-imageframe imageframe-none imageframe-3 hover-type-none\"><img decoding=\"async\" width=\"500\" height=\"282\" alt=\"aire acondicionado restaurante\" title=\"aire_restaurante\" src=\"https:\/\/www.aireacondicionado21.com\/wp-content\/uploads\/2024\/06\/aire_restaurante.webp\" data-orig-src=\"https:\/\/www.aireacondicionado21.com\/wp-content\/uploads\/2024\/06\/aire_restaurante.webp\" class=\"lazyload img-responsive wp-image-2534\" srcset=\"data:image\/svg+xml,%3Csvg%20xmlns%3D%27http%3A%2F%2Fwww.w3.org%2F2000%2Fsvg%27%20width%3D%27500%27%20height%3D%27282%27%20viewBox%3D%270%200%20500%20282%27%3E%3Crect%20width%3D%27500%27%20height%3D%27282%27%20fill-opacity%3D%220%22%2F%3E%3C%2Fsvg%3E\" data-srcset=\"https:\/\/www.aireacondicionado21.com\/wp-content\/uploads\/2024\/06\/aire_restaurante-200x113.webp 200w, https:\/\/www.aireacondicionado21.com\/wp-content\/uploads\/2024\/06\/aire_restaurante-300x169.webp 300w, https:\/\/www.aireacondicionado21.com\/wp-content\/uploads\/2024\/06\/aire_restaurante-400x226.webp 400w, https:\/\/www.aireacondicionado21.com\/wp-content\/uploads\/2024\/06\/aire_restaurante.webp 500w\" data-sizes=\"auto\" data-orig-sizes=\"(max-width: 1000px) 100vw, (max-width: 640px) 100vw, 400px\" \/><\/span><\/div><div class=\"fusion-title title fusion-title-5 fusion-sep-none fusion-title-center fusion-title-text fusion-title-size-three\" style=\"--awb-text-color:var(--awb-color1);\"><h3 class=\"fusion-title-heading title-heading-center fusion-responsive-typography-calculated\" style=\"margin:0;--fontSize:26;line-height:var(--awb-typography1-line-height);\">Restaurantes<\/h3><\/div><div class=\"fusion-text fusion-text-5\" style=\"--awb-text-color:var(--awb-color1);\"><p style=\"text-align: justify;\">Ambiente Confortable para Clientes y Personal: Instalamos sistemas de aire acondicionado que aseguran un ambiente agradable para sus clientes y un entorno de trabajo adecuado para su personal, incluso en \u00e1reas de cocina con altas temperaturas.<\/p>\n<\/div><div class=\"fusion-separator fusion-full-width-sep\" style=\"align-self: center;margin-left: auto;margin-right: auto;margin-top:20px;width:100%;\"><\/div><\/div><\/div><div class=\"fusion-layout-column fusion_builder_column fusion-builder-column-8 fusion_builder_column_1_3 1_3 fusion-flex-column fusion-animated\" style=\"--awb-bg-blend:overlay;--awb-bg-size:cover;--awb-width-large:33.333333333333%;--awb-margin-top-large:45px;--awb-spacing-right-large:8.64%;--awb-margin-bottom-large:45px;--awb-spacing-left-large:5.76%;--awb-width-medium:100%;--awb-spacing-right-medium:1.92%;--awb-spacing-left-medium:1.92%;--awb-width-small:100%;--awb-spacing-right-small:1.92%;--awb-spacing-left-small:1.92%;\" data-animationType=\"slideInUp\" data-animationDuration=\"0.8\" data-animationOffset=\"top-into-view\"><div class=\"fusion-column-wrapper fusion-flex-justify-content-flex-start fusion-content-layout-column\"><div class=\"fusion-image-element \" style=\"--awb-caption-title-font-family:var(--h2_typography-font-family);--awb-caption-title-font-weight:var(--h2_typography-font-weight);--awb-caption-title-font-style:var(--h2_typography-font-style);--awb-caption-title-size:var(--h2_typography-font-size);--awb-caption-title-transform:var(--h2_typography-text-transform);--awb-caption-title-line-height:var(--h2_typography-line-height);--awb-caption-title-letter-spacing:var(--h2_typography-letter-spacing);\"><span class=\" fusion-imageframe imageframe-none imageframe-4 hover-type-none\"><img decoding=\"async\" width=\"500\" height=\"282\" alt=\"Calidad del aire en gimnasio\" title=\"gimnasio_aire_acondicionado\" src=\"https:\/\/www.aireacondicionado21.com\/wp-content\/uploads\/2024\/06\/gimnasio_aire_acondicionado.webp\" data-orig-src=\"https:\/\/www.aireacondicionado21.com\/wp-content\/uploads\/2024\/06\/gimnasio_aire_acondicionado.webp\" class=\"lazyload img-responsive wp-image-2541\" srcset=\"data:image\/svg+xml,%3Csvg%20xmlns%3D%27http%3A%2F%2Fwww.w3.org%2F2000%2Fsvg%27%20width%3D%27500%27%20height%3D%27282%27%20viewBox%3D%270%200%20500%20282%27%3E%3Crect%20width%3D%27500%27%20height%3D%27282%27%20fill-opacity%3D%220%22%2F%3E%3C%2Fsvg%3E\" data-srcset=\"https:\/\/www.aireacondicionado21.com\/wp-content\/uploads\/2024\/06\/gimnasio_aire_acondicionado-200x113.webp 200w, https:\/\/www.aireacondicionado21.com\/wp-content\/uploads\/2024\/06\/gimnasio_aire_acondicionado-300x169.webp 300w, https:\/\/www.aireacondicionado21.com\/wp-content\/uploads\/2024\/06\/gimnasio_aire_acondicionado-400x226.webp 400w, https:\/\/www.aireacondicionado21.com\/wp-content\/uploads\/2024\/06\/gimnasio_aire_acondicionado.webp 500w\" data-sizes=\"auto\" data-orig-sizes=\"(max-width: 1000px) 100vw, (max-width: 640px) 100vw, 400px\" \/><\/span><\/div><div class=\"fusion-title title fusion-title-6 fusion-sep-none fusion-title-center fusion-title-text fusion-title-size-three\" style=\"--awb-text-color:var(--awb-color1);\"><h3 class=\"fusion-title-heading title-heading-center fusion-responsive-typography-calculated\" style=\"margin:0;--fontSize:26;line-height:var(--awb-typography1-line-height);\">Gimnasio<\/h3><\/div><div class=\"fusion-text fusion-text-6\" style=\"--awb-text-color:var(--awb-color1);\"><p style=\"text-align: justify;\">Control de Clima en Espacios Amplios: Dise\u00f1amos e instalamos sistemas capaces de mantener una temperatura confortable en \u00e1reas de gran tama\u00f1o y con alta actividad f\u00edsica, garantizando el confort de los usuarios.<\/p>\n<\/div><div class=\"fusion-separator fusion-full-width-sep\" style=\"align-self: center;margin-left: auto;margin-right: auto;margin-top:20px;width:100%;\"><\/div><\/div><\/div><div class=\"fusion-layout-column fusion_builder_column fusion-builder-column-9 fusion_builder_column_1_3 1_3 fusion-flex-column fusion-animated\" style=\"--awb-bg-blend:overlay;--awb-bg-size:cover;--awb-width-large:33.333333333333%;--awb-margin-top-large:45px;--awb-spacing-right-large:8.64%;--awb-margin-bottom-large:45px;--awb-spacing-left-large:8.64%;--awb-width-medium:100%;--awb-spacing-right-medium:1.92%;--awb-spacing-left-medium:1.92%;--awb-width-small:100%;--awb-spacing-right-small:1.92%;--awb-spacing-left-small:1.92%;\" data-animationType=\"slideInUp\" data-animationDuration=\"0.9\" data-animationOffset=\"top-into-view\"><div class=\"fusion-column-wrapper fusion-flex-justify-content-flex-start fusion-content-layout-column\"><div class=\"fusion-image-element \" style=\"--awb-caption-title-font-family:var(--h2_typography-font-family);--awb-caption-title-font-weight:var(--h2_typography-font-weight);--awb-caption-title-font-style:var(--h2_typography-font-style);--awb-caption-title-size:var(--h2_typography-font-size);--awb-caption-title-transform:var(--h2_typography-text-transform);--awb-caption-title-line-height:var(--h2_typography-line-height);--awb-caption-title-letter-spacing:var(--h2_typography-letter-spacing);\"><span class=\" fusion-imageframe imageframe-none imageframe-5 hover-type-none\"><img decoding=\"async\" width=\"500\" height=\"282\" alt=\"comercios aire acondicioandos\" title=\"comercios_aire_acondicionado\" src=\"https:\/\/www.aireacondicionado21.com\/wp-content\/uploads\/2024\/06\/comercios_aire_acondicionado.webp\" data-orig-src=\"https:\/\/www.aireacondicionado21.com\/wp-content\/uploads\/2024\/06\/comercios_aire_acondicionado.webp\" class=\"lazyload img-responsive wp-image-2545\" srcset=\"data:image\/svg+xml,%3Csvg%20xmlns%3D%27http%3A%2F%2Fwww.w3.org%2F2000%2Fsvg%27%20width%3D%27500%27%20height%3D%27282%27%20viewBox%3D%270%200%20500%20282%27%3E%3Crect%20width%3D%27500%27%20height%3D%27282%27%20fill-opacity%3D%220%22%2F%3E%3C%2Fsvg%3E\" data-srcset=\"https:\/\/www.aireacondicionado21.com\/wp-content\/uploads\/2024\/06\/comercios_aire_acondicionado-200x113.webp 200w, https:\/\/www.aireacondicionado21.com\/wp-content\/uploads\/2024\/06\/comercios_aire_acondicionado-300x169.webp 300w, https:\/\/www.aireacondicionado21.com\/wp-content\/uploads\/2024\/06\/comercios_aire_acondicionado-400x226.webp 400w, https:\/\/www.aireacondicionado21.com\/wp-content\/uploads\/2024\/06\/comercios_aire_acondicionado.webp 500w\" data-sizes=\"auto\" data-orig-sizes=\"(max-width: 1000px) 100vw, (max-width: 640px) 100vw, 400px\" \/><\/span><\/div><div class=\"fusion-title title fusion-title-7 fusion-sep-none fusion-title-center fusion-title-text fusion-title-size-three\" style=\"--awb-text-color:var(--awb-color1);\"><h3 class=\"fusion-title-heading title-heading-center fusion-responsive-typography-calculated\" style=\"margin:0;--fontSize:26;line-height:var(--awb-typography1-line-height);\">Comercios<\/h3><\/div><div class=\"fusion-text fusion-text-7\" style=\"--awb-text-color:var(--awb-color1);\"><p style=\"text-align: justify;\">Atractivo para Clientes: Instalamos sistemas de aire acondicionado que contribuyen a crear un ambiente agradable para los clientes, mejorando su experiencia de compra y alent\u00e1ndolos a permanecer m\u00e1s tiempo en el establecimiento.<\/p>\n<\/div><div class=\"fusion-separator fusion-full-width-sep\" style=\"align-self: center;margin-left: auto;margin-right: auto;margin-top:20px;width:100%;\"><\/div><\/div><\/div><div class=\"fusion-layout-column fusion_builder_column fusion-builder-column-10 fusion_builder_column_1_3 1_3 fusion-flex-column fusion-animated\" style=\"--awb-bg-blend:overlay;--awb-bg-size:cover;--awb-width-large:33.333333333333%;--awb-margin-top-large:45px;--awb-spacing-right-large:5.76%;--awb-margin-bottom-large:80px;--awb-spacing-left-large:8.64%;--awb-width-medium:100%;--awb-spacing-right-medium:1.92%;--awb-spacing-left-medium:1.92%;--awb-width-small:100%;--awb-spacing-right-small:1.92%;--awb-spacing-left-small:1.92%;\" data-animationType=\"slideInUp\" data-animationDuration=\"1.0\" data-animationOffset=\"top-into-view\"><div class=\"fusion-column-wrapper fusion-flex-justify-content-flex-start fusion-content-layout-column\"><div class=\"fusion-image-element \" style=\"--awb-caption-title-font-family:var(--h2_typography-font-family);--awb-caption-title-font-weight:var(--h2_typography-font-weight);--awb-caption-title-font-style:var(--h2_typography-font-style);--awb-caption-title-size:var(--h2_typography-font-size);--awb-caption-title-transform:var(--h2_typography-text-transform);--awb-caption-title-line-height:var(--h2_typography-line-height);--awb-caption-title-letter-spacing:var(--h2_typography-letter-spacing);\"><span class=\" fusion-imageframe imageframe-none imageframe-6 hover-type-none\"><img decoding=\"async\" width=\"500\" height=\"282\" alt=\"aire acondicionado zonas comunes\" title=\"zonas_comunes\" src=\"https:\/\/www.aireacondicionado21.com\/wp-content\/uploads\/2024\/06\/zonas_comunes.webp\" data-orig-src=\"https:\/\/www.aireacondicionado21.com\/wp-content\/uploads\/2024\/06\/zonas_comunes.webp\" class=\"lazyload img-responsive wp-image-2547\" srcset=\"data:image\/svg+xml,%3Csvg%20xmlns%3D%27http%3A%2F%2Fwww.w3.org%2F2000%2Fsvg%27%20width%3D%27500%27%20height%3D%27282%27%20viewBox%3D%270%200%20500%20282%27%3E%3Crect%20width%3D%27500%27%20height%3D%27282%27%20fill-opacity%3D%220%22%2F%3E%3C%2Fsvg%3E\" data-srcset=\"https:\/\/www.aireacondicionado21.com\/wp-content\/uploads\/2024\/06\/zonas_comunes-200x113.webp 200w, https:\/\/www.aireacondicionado21.com\/wp-content\/uploads\/2024\/06\/zonas_comunes-300x169.webp 300w, https:\/\/www.aireacondicionado21.com\/wp-content\/uploads\/2024\/06\/zonas_comunes-400x226.webp 400w, https:\/\/www.aireacondicionado21.com\/wp-content\/uploads\/2024\/06\/zonas_comunes.webp 500w\" data-sizes=\"auto\" data-orig-sizes=\"(max-width: 1000px) 100vw, (max-width: 640px) 100vw, 400px\" \/><\/span><\/div><div class=\"fusion-title title fusion-title-8 fusion-sep-none fusion-title-center fusion-title-text fusion-title-size-three\" style=\"--awb-text-color:var(--awb-color1);\"><h3 class=\"fusion-title-heading title-heading-center fusion-responsive-typography-calculated\" style=\"margin:0;--fontSize:26;line-height:var(--awb-typography1-line-height);\">Zonas comunes<\/h3><\/div><div class=\"fusion-text fusion-text-8\" style=\"--awb-text-color:var(--awb-color1);\"><p style=\"text-align: justify;\">Confort para el P\u00fablico y el Personal: Instalamos sistemas que aseguran un ambiente confortable para los usuarios y el personal en edificios p\u00fablicos o privados, adapt\u00e1ndose a las necesidades de diferentes \u00e1reas como auditorios, oficinas y \u00e1reas de espera.<\/p>\n<\/div><div class=\"fusion-separator fusion-full-width-sep\" style=\"align-self: center;margin-left: auto;margin-right: auto;margin-top:20px;width:100%;\"><\/div><\/div><\/div><\/div><\/div><div class=\"fusion-bg-parallax\" data-bg-align=\"center center\" data-direction=\"up\" data-mute=\"false\" data-opacity=\"100\" data-velocity=\"-0.3\" data-mobile-enabled=\"false\" data-break_parents=\"0\" data-bg-image=\"https:\/\/avada.theme-fusion.com\/electrician\/wp-content\/uploads\/sites\/101\/2017\/11\/bg5.jpg\" data-bg-repeat=\"false\" data-bg-color=\"var(--awb-color2)\" ><\/div><div class=\"fusion-fullwidth fullwidth-box fusion-builder-row-3 fusion-flex-container fusion-parallax-up nonhundred-percent-fullwidth non-hundred-percent-height-scrolling lazyload\" style=\"--awb-border-sizes-top:0px;--awb-border-sizes-bottom:0px;--awb-border-sizes-left:0px;--awb-border-sizes-right:0px;--awb-border-radius-top-left:0px;--awb-border-radius-top-right:0px;--awb-border-radius-bottom-right:0px;--awb-border-radius-bottom-left:0px;--awb-padding-top:110px;--awb-padding-bottom:90px;--awb-background-color:var(--awb-color2);--awb-background-size:cover;--awb-flex-wrap:wrap;\" data-bg=\"https:\/\/avada.theme-fusion.com\/electrician\/wp-content\/uploads\/sites\/101\/2017\/11\/bg5.jpg\" ><div class=\"fusion-builder-row fusion-row fusion-flex-align-items-flex-start fusion-flex-justify-content-center fusion-flex-content-wrap\" style=\"max-width:1227.2px;margin-left: calc(-4% \/ 2 );margin-right: calc(-4% \/ 2 );\"><div class=\"fusion-layout-column fusion_builder_column fusion-builder-column-11 fusion_builder_column_2_3 2_3 fusion-flex-column fusion-flex-align-self-flex-start fusion-column-no-min-height\" style=\"--awb-bg-blend:overlay;--awb-bg-size:cover;--awb-width-large:66.666666666667%;--awb-margin-top-large:0px;--awb-spacing-right-large:2.88%;--awb-margin-bottom-large:0px;--awb-spacing-left-large:2.88%;--awb-width-medium:100%;--awb-spacing-right-medium:1.92%;--awb-spacing-left-medium:1.92%;--awb-width-small:100%;--awb-spacing-right-small:1.92%;--awb-spacing-left-small:1.92%;\"><div class=\"fusion-column-wrapper fusion-flex-justify-content-flex-start fusion-content-layout-column\"><div class=\"fusion-title title fusion-title-9 fusion-sep-none fusion-title-center fusion-title-text fusion-title-size-two\" style=\"--awb-margin-top:0px;\"><h2 class=\"fusion-title-heading title-heading-center fusion-responsive-typography-calculated\" style=\"margin:0;--fontSize:44;line-height:var(--awb-typography1-line-height);\"><p><span style=\"color: var(--awb-color7);\">Marcas que recomendamos<br \/>\n<\/span><\/p><\/h2><\/div><div class=\"fusion-separator\" style=\"align-self: center;margin-left: auto;margin-right: auto;margin-top:16px;margin-bottom:36px;width:100%;max-width:24%;\"><div class=\"fusion-separator-border sep-single\" style=\"--awb-height:20px;--awb-amount:20px;border-color:var(--awb-color6);border-top-width:2px;\"><\/div><\/div><div class=\"fusion-text fusion-text-9\"><p style=\"text-align: justify;\">Estas son algunas de las marcas que instalamos por que entendemos la importancia de un ambiente controlado y confortable en su espacio comercial o industrial. Nos dedicamos a proporcionar soluciones de aire acondicionado que no solo cumplen con sus necesidades inmediatas, sino que tambi\u00e9n ofrecen eficiencia a largo plazo y sostenibilidad.<\/p>\n<\/div><div class=\"fusion-separator fusion-no-small-visibility fusion-no-medium-visibility\" style=\"align-self: center;margin-left: auto;margin-right: auto;margin-bottom:40px;width:100%;max-width:170px;\"><\/div><\/div><\/div><div class=\"fusion-layout-column fusion_builder_column fusion-builder-column-12 fusion_builder_column_1_1 1_1 fusion-flex-column fusion-flex-align-self-center fusion-column-no-min-height\" style=\"--awb-bg-blend:overlay;--awb-bg-size:cover;--awb-box-shadow: 0px 0px ;;--awb-width-large:100%;--awb-margin-top-large:0px;--awb-spacing-right-large:1.92%;--awb-margin-bottom-large:0px;--awb-spacing-left-large:1.92%;--awb-width-medium:100%;--awb-order-medium:0;--awb-spacing-right-medium:1.92%;--awb-spacing-left-medium:1.92%;--awb-width-small:83.333333333333%;--awb-order-small:0;--awb-spacing-right-small:2.304%;--awb-spacing-left-small:2.304%;\" data-scroll-devices=\"small-visibility,medium-visibility,large-visibility\"><div class=\"fusion-column-wrapper fusion-column-has-shadow fusion-flex-justify-content-flex-start fusion-content-layout-column\"><\/div><\/div><\/div><\/div><div class=\"fusion-fullwidth fullwidth-box fusion-builder-row-4 fusion-flex-container has-pattern-background has-mask-background nonhundred-percent-fullwidth non-hundred-percent-height-scrolling\" style=\"--awb-border-radius-top-left:0px;--awb-border-radius-top-right:0px;--awb-border-radius-bottom-right:0px;--awb-border-radius-bottom-left:0px;--awb-background-color:var(--awb-color1);--awb-flex-wrap:wrap;\" ><div class=\"fusion-builder-row fusion-row fusion-flex-align-items-flex-start fusion-flex-content-wrap\" style=\"max-width:1227.2px;margin-left: calc(-4% \/ 2 );margin-right: calc(-4% \/ 2 );\"><div class=\"fusion-layout-column fusion_builder_column fusion-builder-column-13 fusion_builder_column_1_6 1_6 fusion-flex-column\" style=\"--awb-bg-size:cover;--awb-width-large:16.666666666667%;--awb-margin-top-large:15px;--awb-spacing-right-large:11.52%;--awb-margin-bottom-large:15px;--awb-spacing-left-large:11.52%;--awb-width-medium:100%;--awb-order-medium:0;--awb-spacing-right-medium:1.92%;--awb-spacing-left-medium:1.92%;--awb-width-small:100%;--awb-order-small:0;--awb-spacing-right-small:1.92%;--awb-spacing-left-small:1.92%;\"><div class=\"fusion-column-wrapper fusion-column-has-shadow fusion-flex-justify-content-flex-start fusion-content-layout-column\"><div class=\"fusion-image-element \" style=\"--awb-caption-title-font-family:var(--h2_typography-font-family);--awb-caption-title-font-weight:var(--h2_typography-font-weight);--awb-caption-title-font-style:var(--h2_typography-font-style);--awb-caption-title-size:var(--h2_typography-font-size);--awb-caption-title-transform:var(--h2_typography-text-transform);--awb-caption-title-line-height:var(--h2_typography-line-height);--awb-caption-title-letter-spacing:var(--h2_typography-letter-spacing);\"><span class=\" fusion-imageframe imageframe-none imageframe-7 hover-type-none\"><img decoding=\"async\" width=\"1024\" height=\"576\" alt=\"mitsubishi\" title=\"mitsubishi-01\" src=\"https:\/\/www.aireacondicionado21.com\/wp-content\/uploads\/2024\/06\/mitsubishi-01-1024x576.png\" class=\"img-responsive wp-image-2552 disable-lazyload\" srcset=\"https:\/\/www.aireacondicionado21.com\/wp-content\/uploads\/2024\/06\/mitsubishi-01-200x113.png 200w, https:\/\/www.aireacondicionado21.com\/wp-content\/uploads\/2024\/06\/mitsubishi-01-400x225.png 400w, https:\/\/www.aireacondicionado21.com\/wp-content\/uploads\/2024\/06\/mitsubishi-01-600x338.png 600w, https:\/\/www.aireacondicionado21.com\/wp-content\/uploads\/2024\/06\/mitsubishi-01-800x450.png 800w, https:\/\/www.aireacondicionado21.com\/wp-content\/uploads\/2024\/06\/mitsubishi-01-1200x675.png 1200w, https:\/\/www.aireacondicionado21.com\/wp-content\/uploads\/2024\/06\/mitsubishi-01.png 1920w\" sizes=\"(max-width: 1000px) 100vw, (max-width: 640px) 100vw, 200px\" \/><\/span><\/div><\/div><\/div><div class=\"fusion-layout-column fusion_builder_column fusion-builder-column-14 fusion_builder_column_1_6 1_6 fusion-flex-column\" style=\"--awb-bg-size:cover;--awb-width-large:16.666666666667%;--awb-margin-top-large:15px;--awb-spacing-right-large:11.52%;--awb-margin-bottom-large:15px;--awb-spacing-left-large:11.52%;--awb-width-medium:100%;--awb-order-medium:0;--awb-spacing-right-medium:1.92%;--awb-spacing-left-medium:1.92%;--awb-width-small:100%;--awb-order-small:0;--awb-spacing-right-small:1.92%;--awb-spacing-left-small:1.92%;\"><div class=\"fusion-column-wrapper fusion-column-has-shadow fusion-flex-justify-content-flex-start fusion-content-layout-column\"><div class=\"fusion-image-element \" style=\"--awb-caption-title-font-family:var(--h2_typography-font-family);--awb-caption-title-font-weight:var(--h2_typography-font-weight);--awb-caption-title-font-style:var(--h2_typography-font-style);--awb-caption-title-size:var(--h2_typography-font-size);--awb-caption-title-transform:var(--h2_typography-text-transform);--awb-caption-title-line-height:var(--h2_typography-line-height);--awb-caption-title-letter-spacing:var(--h2_typography-letter-spacing);\"><span class=\" fusion-imageframe imageframe-none imageframe-8 hover-type-none\"><img decoding=\"async\" width=\"1024\" height=\"549\" alt=\"Carrier aire acondicionado\" title=\"carrier\" src=\"https:\/\/www.aireacondicionado21.com\/wp-content\/uploads\/2024\/06\/carrier.png\" data-orig-src=\"https:\/\/www.aireacondicionado21.com\/wp-content\/uploads\/2024\/06\/carrier-1024x549.png\" class=\"lazyload img-responsive wp-image-2554\" srcset=\"data:image\/svg+xml,%3Csvg%20xmlns%3D%27http%3A%2F%2Fwww.w3.org%2F2000%2Fsvg%27%20width%3D%271280%27%20height%3D%27686%27%20viewBox%3D%270%200%201280%20686%27%3E%3Crect%20width%3D%271280%27%20height%3D%27686%27%20fill-opacity%3D%220%22%2F%3E%3C%2Fsvg%3E\" data-srcset=\"https:\/\/www.aireacondicionado21.com\/wp-content\/uploads\/2024\/06\/carrier-200x107.png 200w, https:\/\/www.aireacondicionado21.com\/wp-content\/uploads\/2024\/06\/carrier-400x214.png 400w, https:\/\/www.aireacondicionado21.com\/wp-content\/uploads\/2024\/06\/carrier-600x322.png 600w, https:\/\/www.aireacondicionado21.com\/wp-content\/uploads\/2024\/06\/carrier-800x429.png 800w, https:\/\/www.aireacondicionado21.com\/wp-content\/uploads\/2024\/06\/carrier-1200x643.png 1200w, https:\/\/www.aireacondicionado21.com\/wp-content\/uploads\/2024\/06\/carrier.png 1280w\" data-sizes=\"auto\" data-orig-sizes=\"(max-width: 1000px) 100vw, (max-width: 640px) 100vw, 200px\" \/><\/span><\/div><\/div><\/div><div class=\"fusion-layout-column fusion_builder_column fusion-builder-column-15 fusion_builder_column_1_6 1_6 fusion-flex-column\" style=\"--awb-bg-size:cover;--awb-width-large:16.666666666667%;--awb-margin-top-large:15px;--awb-spacing-right-large:11.52%;--awb-margin-bottom-large:15px;--awb-spacing-left-large:11.52%;--awb-width-medium:100%;--awb-order-medium:0;--awb-spacing-right-medium:1.92%;--awb-spacing-left-medium:1.92%;--awb-width-small:100%;--awb-order-small:0;--awb-spacing-right-small:1.92%;--awb-spacing-left-small:1.92%;\"><div class=\"fusion-column-wrapper fusion-column-has-shadow fusion-flex-justify-content-flex-start fusion-content-layout-column\"><div class=\"fusion-image-element \" style=\"--awb-caption-title-font-family:var(--h2_typography-font-family);--awb-caption-title-font-weight:var(--h2_typography-font-weight);--awb-caption-title-font-style:var(--h2_typography-font-style);--awb-caption-title-size:var(--h2_typography-font-size);--awb-caption-title-transform:var(--h2_typography-text-transform);--awb-caption-title-line-height:var(--h2_typography-line-height);--awb-caption-title-letter-spacing:var(--h2_typography-letter-spacing);\"><span class=\" fusion-imageframe imageframe-none imageframe-9 hover-type-none\"><img decoding=\"async\" width=\"1024\" height=\"494\" alt=\"LG Aire acondicionado\" title=\"lg-electronics-lg-corp\" src=\"https:\/\/www.aireacondicionado21.com\/wp-content\/uploads\/2024\/06\/kisspng-brand-lg-electronics-lg-corp-logo-module-advantages-5b6e1ed3dfdf20.830463061533943507917.png\" data-orig-src=\"https:\/\/www.aireacondicionado21.com\/wp-content\/uploads\/2024\/06\/kisspng-brand-lg-electronics-lg-corp-logo-module-advantages-5b6e1ed3dfdf20.830463061533943507917-1024x494.png\" class=\"lazyload img-responsive wp-image-2557\" srcset=\"data:image\/svg+xml,%3Csvg%20xmlns%3D%27http%3A%2F%2Fwww.w3.org%2F2000%2Fsvg%27%20width%3D%272268%27%20height%3D%271095%27%20viewBox%3D%270%200%202268%201095%27%3E%3Crect%20width%3D%272268%27%20height%3D%271095%27%20fill-opacity%3D%220%22%2F%3E%3C%2Fsvg%3E\" data-srcset=\"https:\/\/www.aireacondicionado21.com\/wp-content\/uploads\/2024\/06\/kisspng-brand-lg-electronics-lg-corp-logo-module-advantages-5b6e1ed3dfdf20.830463061533943507917-200x97.png 200w, https:\/\/www.aireacondicionado21.com\/wp-content\/uploads\/2024\/06\/kisspng-brand-lg-electronics-lg-corp-logo-module-advantages-5b6e1ed3dfdf20.830463061533943507917-400x193.png 400w, https:\/\/www.aireacondicionado21.com\/wp-content\/uploads\/2024\/06\/kisspng-brand-lg-electronics-lg-corp-logo-module-advantages-5b6e1ed3dfdf20.830463061533943507917-600x290.png 600w, https:\/\/www.aireacondicionado21.com\/wp-content\/uploads\/2024\/06\/kisspng-brand-lg-electronics-lg-corp-logo-module-advantages-5b6e1ed3dfdf20.830463061533943507917-800x386.png 800w, https:\/\/www.aireacondicionado21.com\/wp-content\/uploads\/2024\/06\/kisspng-brand-lg-electronics-lg-corp-logo-module-advantages-5b6e1ed3dfdf20.830463061533943507917-1200x579.png 1200w\" data-sizes=\"auto\" data-orig-sizes=\"(max-width: 1000px) 100vw, (max-width: 640px) 100vw, 200px\" \/><\/span><\/div><\/div><\/div><div class=\"fusion-layout-column fusion_builder_column fusion-builder-column-16 fusion_builder_column_1_6 1_6 fusion-flex-column\" style=\"--awb-bg-size:cover;--awb-width-large:16.666666666667%;--awb-margin-top-large:15px;--awb-spacing-right-large:11.52%;--awb-margin-bottom-large:15px;--awb-spacing-left-large:11.52%;--awb-width-medium:100%;--awb-order-medium:0;--awb-spacing-right-medium:1.92%;--awb-spacing-left-medium:1.92%;--awb-width-small:100%;--awb-order-small:0;--awb-spacing-right-small:1.92%;--awb-spacing-left-small:1.92%;\"><div class=\"fusion-column-wrapper fusion-column-has-shadow fusion-flex-justify-content-flex-start fusion-content-layout-column\"><div class=\"fusion-image-element \" style=\"--awb-caption-title-font-family:var(--h2_typography-font-family);--awb-caption-title-font-weight:var(--h2_typography-font-weight);--awb-caption-title-font-style:var(--h2_typography-font-style);--awb-caption-title-size:var(--h2_typography-font-size);--awb-caption-title-transform:var(--h2_typography-text-transform);--awb-caption-title-line-height:var(--h2_typography-line-height);--awb-caption-title-letter-spacing:var(--h2_typography-letter-spacing);\"><span class=\" fusion-imageframe imageframe-none imageframe-10 hover-type-none\"><img decoding=\"async\" width=\"1024\" height=\"239\" alt=\"Daikin aire acondicionado\" title=\"kisspng-daikin-baseline-energy-logo-business-air-conditioning\" src=\"https:\/\/www.aireacondicionado21.com\/wp-content\/uploads\/2024\/06\/kisspng-daikin-baseline-energy-logo-business-air-conditioning-5b4f27b5232f15.0408594815319141651441.png\" data-orig-src=\"https:\/\/www.aireacondicionado21.com\/wp-content\/uploads\/2024\/06\/kisspng-daikin-baseline-energy-logo-business-air-conditioning-5b4f27b5232f15.0408594815319141651441-1024x239.png\" class=\"lazyload img-responsive wp-image-2559\" srcset=\"data:image\/svg+xml,%3Csvg%20xmlns%3D%27http%3A%2F%2Fwww.w3.org%2F2000%2Fsvg%27%20width%3D%273000%27%20height%3D%27700%27%20viewBox%3D%270%200%203000%20700%27%3E%3Crect%20width%3D%273000%27%20height%3D%27700%27%20fill-opacity%3D%220%22%2F%3E%3C%2Fsvg%3E\" data-srcset=\"https:\/\/www.aireacondicionado21.com\/wp-content\/uploads\/2024\/06\/kisspng-daikin-baseline-energy-logo-business-air-conditioning-5b4f27b5232f15.0408594815319141651441-200x47.png 200w, https:\/\/www.aireacondicionado21.com\/wp-content\/uploads\/2024\/06\/kisspng-daikin-baseline-energy-logo-business-air-conditioning-5b4f27b5232f15.0408594815319141651441-400x93.png 400w, https:\/\/www.aireacondicionado21.com\/wp-content\/uploads\/2024\/06\/kisspng-daikin-baseline-energy-logo-business-air-conditioning-5b4f27b5232f15.0408594815319141651441-600x140.png 600w, https:\/\/www.aireacondicionado21.com\/wp-content\/uploads\/2024\/06\/kisspng-daikin-baseline-energy-logo-business-air-conditioning-5b4f27b5232f15.0408594815319141651441-800x187.png 800w, https:\/\/www.aireacondicionado21.com\/wp-content\/uploads\/2024\/06\/kisspng-daikin-baseline-energy-logo-business-air-conditioning-5b4f27b5232f15.0408594815319141651441-1200x280.png 1200w\" data-sizes=\"auto\" data-orig-sizes=\"(max-width: 1000px) 100vw, (max-width: 640px) 100vw, 200px\" \/><\/span><\/div><\/div><\/div><div class=\"fusion-layout-column fusion_builder_column fusion-builder-column-17 fusion_builder_column_1_6 1_6 fusion-flex-column\" style=\"--awb-bg-size:cover;--awb-width-large:16.666666666667%;--awb-margin-top-large:15px;--awb-spacing-right-large:11.52%;--awb-margin-bottom-large:15px;--awb-spacing-left-large:11.52%;--awb-width-medium:100%;--awb-order-medium:0;--awb-spacing-right-medium:1.92%;--awb-spacing-left-medium:1.92%;--awb-width-small:100%;--awb-order-small:0;--awb-spacing-right-small:1.92%;--awb-spacing-left-small:1.92%;\"><div class=\"fusion-column-wrapper fusion-column-has-shadow fusion-flex-justify-content-flex-start fusion-content-layout-column\"><div class=\"fusion-image-element \" style=\"--awb-caption-title-font-family:var(--h2_typography-font-family);--awb-caption-title-font-weight:var(--h2_typography-font-weight);--awb-caption-title-font-style:var(--h2_typography-font-style);--awb-caption-title-size:var(--h2_typography-font-size);--awb-caption-title-transform:var(--h2_typography-text-transform);--awb-caption-title-line-height:var(--h2_typography-line-height);--awb-caption-title-letter-spacing:var(--h2_typography-letter-spacing);\"><span class=\" fusion-imageframe imageframe-none imageframe-11 hover-type-none\"><img decoding=\"async\" width=\"800\" height=\"800\" alt=\"Geenral electric\" title=\"general_electric\" src=\"https:\/\/www.aireacondicionado21.com\/wp-content\/uploads\/2024\/06\/general_electric.png\" data-orig-src=\"https:\/\/www.aireacondicionado21.com\/wp-content\/uploads\/2024\/06\/general_electric.png\" class=\"lazyload img-responsive wp-image-2563\" srcset=\"data:image\/svg+xml,%3Csvg%20xmlns%3D%27http%3A%2F%2Fwww.w3.org%2F2000%2Fsvg%27%20width%3D%27800%27%20height%3D%27800%27%20viewBox%3D%270%200%20800%20800%27%3E%3Crect%20width%3D%27800%27%20height%3D%27800%27%20fill-opacity%3D%220%22%2F%3E%3C%2Fsvg%3E\" data-srcset=\"https:\/\/www.aireacondicionado21.com\/wp-content\/uploads\/2024\/06\/general_electric-200x200.png 200w, https:\/\/www.aireacondicionado21.com\/wp-content\/uploads\/2024\/06\/general_electric-400x400.png 400w, https:\/\/www.aireacondicionado21.com\/wp-content\/uploads\/2024\/06\/general_electric-600x600.png 600w, https:\/\/www.aireacondicionado21.com\/wp-content\/uploads\/2024\/06\/general_electric.png 800w\" data-sizes=\"auto\" data-orig-sizes=\"(max-width: 1000px) 100vw, (max-width: 640px) 100vw, 200px\" \/><\/span><\/div><\/div><\/div><div class=\"fusion-layout-column fusion_builder_column fusion-builder-column-18 fusion_builder_column_1_6 1_6 fusion-flex-column\" style=\"--awb-bg-size:cover;--awb-width-large:16.666666666667%;--awb-margin-top-large:15px;--awb-spacing-right-large:11.52%;--awb-margin-bottom-large:15px;--awb-spacing-left-large:11.52%;--awb-width-medium:100%;--awb-order-medium:0;--awb-spacing-right-medium:1.92%;--awb-spacing-left-medium:1.92%;--awb-width-small:100%;--awb-order-small:0;--awb-spacing-right-small:1.92%;--awb-spacing-left-small:1.92%;\"><div class=\"fusion-column-wrapper fusion-column-has-shadow fusion-flex-justify-content-flex-start fusion-content-layout-column\"><div class=\"fusion-image-element \" style=\"--awb-caption-title-font-family:var(--h2_typography-font-family);--awb-caption-title-font-weight:var(--h2_typography-font-weight);--awb-caption-title-font-style:var(--h2_typography-font-style);--awb-caption-title-size:var(--h2_typography-font-size);--awb-caption-title-transform:var(--h2_typography-text-transform);--awb-caption-title-line-height:var(--h2_typography-line-height);--awb-caption-title-letter-spacing:var(--h2_typography-letter-spacing);\"><span class=\" fusion-imageframe imageframe-none imageframe-12 hover-type-none\"><img decoding=\"async\" width=\"1024\" height=\"692\" title=\"samsung-i8000-s\" src=\"https:\/\/www.aireacondicionado21.com\/wp-content\/uploads\/2024\/06\/kisspng-samsung-i8000-samsung-galaxy-logo-samsung-electron-samsung-5ab70be8e520e5.3937930615219455769385.png\" data-orig-src=\"https:\/\/www.aireacondicionado21.com\/wp-content\/uploads\/2024\/06\/kisspng-samsung-i8000-samsung-galaxy-logo-samsung-electron-samsung-5ab70be8e520e5.3937930615219455769385-1024x692.png\" alt class=\"lazyload img-responsive wp-image-2565\" srcset=\"data:image\/svg+xml,%3Csvg%20xmlns%3D%27http%3A%2F%2Fwww.w3.org%2F2000%2Fsvg%27%20width%3D%271500%27%20height%3D%271013%27%20viewBox%3D%270%200%201500%201013%27%3E%3Crect%20width%3D%271500%27%20height%3D%271013%27%20fill-opacity%3D%220%22%2F%3E%3C%2Fsvg%3E\" data-srcset=\"https:\/\/www.aireacondicionado21.com\/wp-content\/uploads\/2024\/06\/kisspng-samsung-i8000-samsung-galaxy-logo-samsung-electron-samsung-5ab70be8e520e5.3937930615219455769385-200x135.png 200w, https:\/\/www.aireacondicionado21.com\/wp-content\/uploads\/2024\/06\/kisspng-samsung-i8000-samsung-galaxy-logo-samsung-electron-samsung-5ab70be8e520e5.3937930615219455769385-400x270.png 400w, https:\/\/www.aireacondicionado21.com\/wp-content\/uploads\/2024\/06\/kisspng-samsung-i8000-samsung-galaxy-logo-samsung-electron-samsung-5ab70be8e520e5.3937930615219455769385-600x405.png 600w, https:\/\/www.aireacondicionado21.com\/wp-content\/uploads\/2024\/06\/kisspng-samsung-i8000-samsung-galaxy-logo-samsung-electron-samsung-5ab70be8e520e5.3937930615219455769385-800x540.png 800w, https:\/\/www.aireacondicionado21.com\/wp-content\/uploads\/2024\/06\/kisspng-samsung-i8000-samsung-galaxy-logo-samsung-electron-samsung-5ab70be8e520e5.3937930615219455769385-1200x810.png 1200w, https:\/\/www.aireacondicionado21.com\/wp-content\/uploads\/2024\/06\/kisspng-samsung-i8000-samsung-galaxy-logo-samsung-electron-samsung-5ab70be8e520e5.3937930615219455769385.png 1500w\" data-sizes=\"auto\" data-orig-sizes=\"(max-width: 1000px) 100vw, (max-width: 640px) 100vw, 200px\" \/><\/span><\/div><\/div><\/div><\/div><\/div><\/p>\n","protected":false},"excerpt":{"rendered":"","protected":false},"author":1,"featured_media":0,"parent":0,"menu_order":0,"comment_status":"closed","ping_status":"closed","template":"100-width.php","meta":{"footnotes":""},"class_list":["post-2502","page","type-page","status-publish","hentry"],"_links":{"self":[{"href":"https:\/\/www.aireacondicionado21.com\/index.php\/wp-json\/wp\/v2\/pages\/2502","targetHints":{"allow":["GET"]}}],"collection":[{"href":"https:\/\/www.aireacondicionado21.com\/index.php\/wp-json\/wp\/v2\/pages"}],"about":[{"href":"https:\/\/www.aireacondicionado21.com\/index.php\/wp-json\/wp\/v2\/types\/page"}],"author":[{"embeddable":true,"href":"https:\/\/www.aireacondicionado21.com\/index.php\/wp-json\/wp\/v2\/users\/1"}],"replies":[{"embeddable":true,"href":"https:\/\/www.aireacondicionado21.com\/index.php\/wp-json\/wp\/v2\/comments?post=2502"}],"version-history":[{"count":61,"href":"https:\/\/www.aireacondicionado21.com\/index.php\/wp-json\/wp\/v2\/pages\/2502\/revisions"}],"predecessor-version":[{"id":2595,"href":"https:\/\/www.aireacondicionado21.com\/index.php\/wp-json\/wp\/v2\/pages\/2502\/revisions\/2595"}],"wp:attachment":[{"href":"https:\/\/www.aireacondicionado21.com\/index.php\/wp-json\/wp\/v2\/media?parent=2502"}],"curies":[{"name":"wp","href":"https:\/\/api.w.org\/{rel}","templated":true}]}}